{"id":2,"date":"2025-08-15T14:39:00","date_gmt":"2025-08-15T14:39:00","guid":{"rendered":"https:\/\/veradyn.ro\/global\/?page_id=2"},"modified":"2025-09-24T10:25:23","modified_gmt":"2025-09-24T10:25:23","slug":"sample-page","status":"publish","type":"page","link":"https:\/\/veradyn.ro\/global\/","title":{"rendered":"Eveniment1"},"content":{"rendered":"<p>[et_pb_section fb_built=&#8221;1&#8243; _builder_version=&#8221;4.27.4&#8243; _module_preset=&#8221;default&#8221; background_color=&#8221;#273c21&#8243; custom_margin_tablet=&#8221;&#8221; custom_margin_phone=&#8221;||-61px||false|false&#8221; custom_margin_last_edited=&#8221;on|phone&#8221; custom_padding=&#8221;0px|||||&#8221; global_colors_info=&#8221;{}&#8221;][et_pb_row _builder_version=&#8221;4.27.4&#8243; _module_preset=&#8221;default&#8221; global_colors_info=&#8221;{}&#8221;][et_pb_column type=&#8221;4_4&#8243; _builder_version=&#8221;4.27.4&#8243; _module_preset=&#8221;default&#8221; global_colors_info=&#8221;{}&#8221;][et_pb_text _builder_version=&#8221;4.27.4&#8243; _module_preset=&#8221;default&#8221; text_text_color=&#8221;#FFFFFF&#8221; text_font_size=&#8221;31px&#8221; text_line_height=&#8221;1.9em&#8221; header_text_align=&#8221;center&#8221; header_font_size=&#8221;61px&#8221; header_line_height=&#8221;1.1em&#8221; background_layout=&#8221;dark&#8221; custom_margin=&#8221;60px||||false|false&#8221; custom_margin_tablet=&#8221;60px||||false|false&#8221; custom_margin_phone=&#8221;13px||||false|false&#8221; custom_margin_last_edited=&#8221;on|phone&#8221; custom_padding=&#8221;0px|||||&#8221; header_font_size_tablet=&#8221;61px&#8221; header_font_size_phone=&#8221;30px&#8221; header_font_size_last_edited=&#8221;on|phone&#8221; global_colors_info=&#8221;{}&#8221;]<\/p>\n<h1 class=\"text-4xl md:text-6xl font-bold leading-tight mb-4 animate-fade-in-down\"><strong>Oportunitate Strategic\u0103 pentru Dezvoltarea Rural\u0103 \u00een Banatul de Nord!<\/strong><\/h1>\n<p>[\/et_pb_text][et_pb_text _builder_version=&#8221;4.27.4&#8243; _module_preset=&#8221;default&#8221; text_font_size=&#8221;23px&#8221; header_font_size=&#8221;32px&#8221; text_orientation=&#8221;center&#8221; width=&#8221;74%&#8221; module_alignment=&#8221;center&#8221; text_font_size_tablet=&#8221;23px&#8221; text_font_size_phone=&#8221;19px&#8221; text_font_size_last_edited=&#8221;on|phone&#8221; global_colors_info=&#8221;{}&#8221;]<\/p>\n<p class=\"text-lg md:text-xl mb-8 max-w-3xl mx-auto\"><span style=\"color: #ffffff;\">Un proiect dedicat fermierilor \u0219i comunit\u0103\u021bilor locale pentru a <\/span><span style=\"color: #ffffff;\">\u00eencuraja inova\u021bia, <\/span><span style=\"color: #ffffff;\">asociativitatea \u0219i transferul de cuno\u0219tin\u021be.<\/span><\/p>\n<div class=\"flex justify-center items-center space-x-8\">\n<div class=\"bg-white p-2 rounded-md shadow-md\"><\/div>\n<\/div>\n<p>[\/et_pb_text][\/et_pb_column][\/et_pb_row][et_pb_row column_structure=&#8221;1_2,1_2&#8243; _builder_version=&#8221;4.27.4&#8243; _module_preset=&#8221;default&#8221; global_colors_info=&#8221;{}&#8221;][et_pb_column type=&#8221;1_2&#8243; _builder_version=&#8221;4.27.4&#8243; _module_preset=&#8221;default&#8221; global_colors_info=&#8221;{}&#8221;][et_pb_image src=&#8221;https:\/\/veradyn.ro\/global\/wp-content\/uploads\/2025\/09\/logo-1-e1466597175139-1.png&#8221; title_text=&#8221;logo-1-e1466597175139&#8243; align=&#8221;right&#8221; _builder_version=&#8221;4.27.4&#8243; _module_preset=&#8221;default&#8221; width_tablet=&#8221;&#8221; width_phone=&#8221;&#8221; width_last_edited=&#8221;on|phone&#8221; max_width_tablet=&#8221;&#8221; max_width_phone=&#8221;36%&#8221; max_width_last_edited=&#8221;on|phone&#8221; module_alignment=&#8221;center&#8221; height_tablet=&#8221;&#8221; height_phone=&#8221;&#8221; height_last_edited=&#8221;on|phone&#8221; custom_margin=&#8221;18px|0px||0px|false|false&#8221; custom_margin_tablet=&#8221;18px|0px||0px|false|false&#8221; custom_margin_phone=&#8221;17px|0px|25px|0px|false|false&#8221; custom_margin_last_edited=&#8221;on|phone&#8221; custom_padding=&#8221;|25px||0px|false|false&#8221; custom_padding_tablet=&#8221;|25px||0px|false|false&#8221; custom_padding_phone=&#8221;|27px||0px|false|false&#8221; custom_padding_last_edited=&#8221;on|phone&#8221; module_alignment_tablet=&#8221;center&#8221; module_alignment_phone=&#8221;right&#8221; module_alignment_last_edited=&#8221;on|phone&#8221; global_colors_info=&#8221;{}&#8221;][\/et_pb_image][\/et_pb_column][et_pb_column type=&#8221;1_2&#8243; _builder_version=&#8221;4.27.4&#8243; _module_preset=&#8221;default&#8221; global_colors_info=&#8221;{}&#8221;][et_pb_image src=&#8221;https:\/\/veradyn.ro\/global\/wp-content\/uploads\/2025\/09\/logo-patrat.png&#8221; title_text=&#8221;logo-patrat&#8221; _builder_version=&#8221;4.27.4&#8243; _module_preset=&#8221;default&#8221; width=&#8221;27%&#8221; width_tablet=&#8221;23%&#8221; width_phone=&#8221;32%&#8221; width_last_edited=&#8221;on|tablet&#8221; max_width=&#8221;100%&#8221; module_alignment=&#8221;left&#8221; custom_margin=&#8221;0px|0px||0px|false|false&#8221; custom_margin_tablet=&#8221;-156px|0px||0px|false|false&#8221; custom_margin_phone=&#8221;-156px|0px||0px|false|false&#8221; custom_margin_last_edited=&#8221;on|tablet&#8221; custom_padding=&#8221;0px|0px||0px|false|false&#8221; global_colors_info=&#8221;{}&#8221;][\/et_pb_image][\/et_pb_column][\/et_pb_row][\/et_pb_section][et_pb_section fb_built=&#8221;1&#8243; custom_padding_last_edited=&#8221;on|phone&#8221; _builder_version=&#8221;4.27.4&#8243; _module_preset=&#8221;default&#8221; background_color=&#8221;#f9fafb&#8221; custom_margin_tablet=&#8221;&#8221; custom_margin_phone=&#8221;0px||||false|false&#8221; custom_margin_last_edited=&#8221;on|phone&#8221; custom_padding_tablet=&#8221;&#8221; custom_padding_phone=&#8221;15px||||false|false&#8221; global_colors_info=&#8221;{}&#8221;][et_pb_row _builder_version=&#8221;4.27.4&#8243; _module_preset=&#8221;default&#8221; global_colors_info=&#8221;{}&#8221;][et_pb_column type=&#8221;4_4&#8243; _builder_version=&#8221;4.27.4&#8243; _module_preset=&#8221;default&#8221; global_colors_info=&#8221;{}&#8221;][et_pb_text _builder_version=&#8221;4.27.4&#8243; _module_preset=&#8221;default&#8221; text_text_color=&#8221;#166534&#8243; text_orientation=&#8221;center&#8221; text_font_size_tablet=&#8221;&#8221; text_font_size_phone=&#8221;1px&#8221; text_font_size_last_edited=&#8221;on|phone&#8221; header_font_size_tablet=&#8221;&#8221; header_font_size_phone=&#8221;&#8221; header_font_size_last_edited=&#8221;on|phone&#8221; background_layout_tablet=&#8221;&#8221; background_layout_phone=&#8221;&#8221; background_layout_last_edited=&#8221;on|phone&#8221; global_colors_info=&#8221;{}&#8221;]<\/p>\n<h2 class=\"text-3xl font-bold text-green-800 mb-4\"><strong><span style=\"color: #166534;\">Proiectul \u201eFormare \u015fi informare continu\u0103 \u00een teritoriul Banatul de Nord\u201d<\/span><\/strong><\/h2>\n<p>[\/et_pb_text][et_pb_text _builder_version=&#8221;4.27.4&#8243; _module_preset=&#8221;default&#8221; text_text_color=&#8221;#000000&#8243; text_font_size=&#8221;17px&#8221; width=&#8221;63%&#8221; width_tablet=&#8221;63%&#8221; width_phone=&#8221;63%&#8221; width_last_edited=&#8221;on|desktop&#8221; max_width=&#8221;100%&#8221; max_width_tablet=&#8221;100%&#8221; max_width_phone=&#8221;100%&#8221; max_width_last_edited=&#8221;on|desktop&#8221; module_alignment=&#8221;center&#8221; custom_margin=&#8221;-12px||||false|false&#8221; custom_margin_tablet=&#8221;-12px||||false|false&#8221; custom_margin_phone=&#8221;-12px||||false|false&#8221; custom_margin_last_edited=&#8221;on|desktop&#8221; text_font_size_tablet=&#8221;17px&#8221; text_font_size_phone=&#8221;17px&#8221; text_font_size_last_edited=&#8221;on|desktop&#8221; module_alignment_tablet=&#8221;center&#8221; module_alignment_phone=&#8221;center&#8221; module_alignment_last_edited=&#8221;on|desktop&#8221; global_colors_info=&#8221;{}&#8221;]<\/p>\n<p class=\"max-w-4xl mx-auto text-lg mb-6\" style=\"text-align: center;\">Derulat de **SC Global Commercium Development SRL** \u00een parteneriat cu **GAL Banatul de Nord**, acest proiect \u00ee\u0219i propune s\u0103 aduc\u0103 un suflu nou \u00een regiune, av\u00e2nd ca obiectiv principal **cre\u0219terea competitivit\u0103\u021bii agriculturii locale** prin activit\u0103\u021bi special concepute pentru fermieri \u0219i lucr\u0103tori agricoli.<\/p>\n<div class=\"bg-green-100 border-l-4 border-green-500 text-green-700 p-4 rounded-md inline-block\"><\/div>\n<p>[\/et_pb_text][et_pb_text _builder_version=&#8221;4.27.4&#8243; _module_preset=&#8221;default&#8221; text_text_color=&#8221;#15803d&#8221; text_font_size=&#8221;18px&#8221; header_font_size=&#8221;45px&#8221; background_color=&#8221;#dcfce7&#8243; max_width=&#8221;51%&#8221; max_width_tablet=&#8221;51%&#8221; max_width_phone=&#8221;93%&#8221; max_width_last_edited=&#8221;on|desktop&#8221; module_alignment=&#8221;center&#8221; custom_margin=&#8221;|0px||0px|false|true&#8221; custom_margin_tablet=&#8221;|0px||0px|false|true&#8221; custom_margin_phone=&#8221;|0px||0px|false|true&#8221; custom_margin_last_edited=&#8221;on|desktop&#8221; custom_padding=&#8221;11px|7px|11px|7px|true|true&#8221; custom_padding_tablet=&#8221;11px|7px|11px|7px|true|true&#8221; custom_padding_phone=&#8221;3px|12px|3px|12px|true|true&#8221; custom_padding_last_edited=&#8221;on|phone&#8221; text_font_size_tablet=&#8221;18px&#8221; text_font_size_phone=&#8221;18px&#8221; text_font_size_last_edited=&#8221;on|desktop&#8221; text_line_height_tablet=&#8221;&#8221; text_line_height_phone=&#8221;1.4em&#8221; text_line_height_last_edited=&#8221;on|phone&#8221; header_text_align_tablet=&#8221;&#8221; header_text_align_phone=&#8221;&#8221; header_text_align_last_edited=&#8221;on|phone&#8221; header_font_size_tablet=&#8221;45px&#8221; header_font_size_phone=&#8221;45px&#8221; header_font_size_last_edited=&#8221;on|desktop&#8221; module_alignment_tablet=&#8221;center&#8221; module_alignment_phone=&#8221;center&#8221; module_alignment_last_edited=&#8221;on|phone&#8221; border_radii=&#8221;on|6px|6px|6px|6px&#8221; border_width_left=&#8221;5px&#8221; border_color_left=&#8221;#22c55e&#8221; global_colors_info=&#8221;{}&#8221;]<\/p>\n<section id=\"despre-proiect\" class=\"mb-20 text-center\">\n<div class=\"bg-green-100 border-l-4 border-green-500 text-green-700 p-4 rounded-md inline-block\">\n<p class=\"font-semibold\" style=\"text-align: left;\"><strong>Perioada de implementare: Iunie 2025 \u2013 Septembrie 2025<\/strong><\/p>\n<\/div>\n<\/section>\n<section id=\"importanta-asocierii\" class=\"mb-20 bg-white p-8 rounded-lg shadow-md\">\n<div class=\"grid md:grid-cols-2 gap-8 items-center\">\n<div><\/div>\n<\/div>\n<\/section>\n<p>[\/et_pb_text][\/et_pb_column][\/et_pb_row][\/et_pb_section][et_pb_section fb_built=&#8221;1&#8243; theme_builder_area=&#8221;post_content&#8221; _builder_version=&#8221;4.27.4&#8243; _module_preset=&#8221;default&#8221;][et_pb_row _builder_version=&#8221;4.27.4&#8243; _module_preset=&#8221;default&#8221; theme_builder_area=&#8221;post_content&#8221;][et_pb_column _builder_version=&#8221;4.27.4&#8243; _module_preset=&#8221;default&#8221; type=&#8221;4_4&#8243; theme_builder_area=&#8221;post_content&#8221;][et_pb_text _builder_version=&#8221;4.27.4&#8243; _module_preset=&#8221;default&#8221; theme_builder_area=&#8221;post_content&#8221; text_text_color=&#8221;#000000&#8243; text_font_size=&#8221;18px&#8221; hover_enabled=&#8221;0&#8243; sticky_enabled=&#8221;0&#8243;]<\/p>\n<p style=\"text-align: justify;\">Proiectul \u201eFormare \u0219i informare continu\u0103 \u00een teritoriul Banatul de Nord\u201d propune o serie de activit\u0103\u021bi cu grupul \u021bint\u0103 relevante pentru atingerea obiectivului general \u0219i a obiectivelor specifice ale proiectului:<\/p>\n<p style=\"text-align: justify;\">Ac\u021biuni de informare \u2013 Caravan\u0103 \u00een teritoriul GAL Banatul de Nord<br \/>In toate cele 8 comune au avut loc actiuni de informare a locuitorilor din teritoriul Banatul de Nord. Aceasta caravana este gandita pentru a facilita informarea comunitatii, la care au participat locuitori, fermieri, agricultori, alti stakeholderi din toate comunele pentru a primi informatii detaliate privind oportunit\u0103\u0163ile pentru toate aspectele legate de domeniul agricol (asocieri, subven\u0163ii, programe de dezvoltare rural\u0103, scriere de proiecte eligibile, condi\u0163ii de eligibilitate pentru primirea de diverse pl\u0103\u0163i, prezentare de modele de bun\u0103 practic\u0103, etc). De asemenea, au fost abordate teme pentru antreprenoriat social.<br \/>Caravana a fost structurata in 2 etape, 4 zile\/etapa, fiind alocat\u0103 c\u0103te 1 zi de informare pentru fiecare dintre cele 8 comune componente GAL Banatul de Nord, \u00een fiecare comuna particip\u00e2nd peste 20 de persoane.<\/p>\n<p style=\"text-align: justify;\">Etapa 1<\/p>\n<ul style=\"text-align: justify;\">\n<li>BELIN\u021a, 08.08.2025<\/li>\n<li>CO\u0218TEIU, 09.08.2025<\/li>\n<li>RACOVI\u021aA, 10.08.2025<\/li>\n<li>TOPOLOV\u0102\u021aU MARE, 11.08.2025<\/li>\n<\/ul>\n<p style=\"text-align: justify;\">Etapa 2<\/p>\n<ul style=\"text-align: justify;\">\n<li>BARA, 19.08.2025<\/li>\n<li>BOLDUR, 20.08.2025<\/li>\n<li>GHIZELA, 21.08.2025<\/li>\n<li>OHABA LUNG\u0102, 22.08.2025<\/li>\n<\/ul>\n<p style=\"text-align: justify;\">Aceasta activitate a contribuit la realizarea obiectivului specific 2: Sprijinirea GAL-ului \u00een dezvoltarea capacit\u0103\u0163ii de informare la nivel local.<\/p>\n<p>[\/et_pb_text][\/et_pb_column][\/et_pb_row][\/et_pb_section][et_pb_section fb_built=&#8221;1&#8243; custom_padding_last_edited=&#8221;on|phone&#8221; _builder_version=&#8221;4.27.4&#8243; _module_preset=&#8221;default&#8221; width_tablet=&#8221;&#8221; width_phone=&#8221;&#8221; width_last_edited=&#8221;on|tablet&#8221; custom_margin=&#8221;||69px||false|false&#8221; custom_margin_tablet=&#8221;0px|||-302px|false|false&#8221; custom_margin_phone=&#8221;26px||49px|-361px|false|false&#8221; custom_margin_last_edited=&#8221;on|phone&#8221; custom_padding=&#8221;|||370px|false|false&#8221; custom_padding_tablet=&#8221;|||370px|false|false&#8221; custom_padding_phone=&#8221;16px||||false|false&#8221; global_colors_info=&#8221;{}&#8221;][et_pb_row custom_padding_last_edited=&#8221;on|desktop&#8221; _builder_version=&#8221;4.27.4&#8243; _module_preset=&#8221;default&#8221; width_tablet=&#8221;&#8221; width_phone=&#8221;99%&#8221; width_last_edited=&#8221;on|phone&#8221; module_alignment=&#8221;left&#8221; custom_margin=&#8221;-31px|0px|-60px|0px|false|false&#8221; custom_margin_tablet=&#8221;-31px|0px|-60px|0px|false|false&#8221; custom_margin_phone=&#8221;-31px||||false|false&#8221; custom_margin_last_edited=&#8221;on|desktop&#8221; custom_padding=&#8221;|||43px|false|false&#8221; custom_padding_tablet=&#8221;|||43px|false|false&#8221; custom_padding_phone=&#8221;|||43px|false|false&#8221; global_colors_info=&#8221;{}&#8221;][et_pb_column type=&#8221;4_4&#8243; _builder_version=&#8221;4.27.4&#8243; _module_preset=&#8221;default&#8221; global_colors_info=&#8221;{}&#8221;][et_pb_text _builder_version=&#8221;4.27.4&#8243; _module_preset=&#8221;default&#8221; text_font_size=&#8221;15px&#8221; header_font_size=&#8221;32px&#8221; text_font_size_tablet=&#8221;15px&#8221; text_font_size_phone=&#8221;15px&#8221; text_font_size_last_edited=&#8221;on|desktop&#8221; header_font_size_tablet=&#8221;32px&#8221; header_font_size_phone=&#8221;32px&#8221; header_font_size_last_edited=&#8221;on|desktop&#8221; global_colors_info=&#8221;{}&#8221;]<\/p>\n<h2 class=\"text-3xl font-bold text-green-800 mb-4\"><strong><span style=\"color: #166534;\">De ce este important\u0103 asocierea \u00een agricultur\u0103?<\/span><\/strong><\/h2>\n<p>[\/et_pb_text][\/et_pb_column][\/et_pb_row][et_pb_row column_structure=&#8221;1_2,1_2&#8243; _builder_version=&#8221;4.27.4&#8243; _module_preset=&#8221;default&#8221; custom_margin=&#8221;|auto||45px||&#8221; global_colors_info=&#8221;{}&#8221;][et_pb_column type=&#8221;1_2&#8243; _builder_version=&#8221;4.27.4&#8243; _module_preset=&#8221;default&#8221; global_colors_info=&#8221;{}&#8221;][et_pb_text _builder_version=&#8221;4.27.4&#8243; _module_preset=&#8221;default&#8221; global_colors_info=&#8221;{}&#8221;]<\/p>\n<h2 class=\"text-3xl font-bold text-green-800 mb-4\"><\/h2>\n<p><span style=\"color: #000000;\"><\/span><\/p>\n<p><span style=\"color: #000000;\">Fragmentarea terenurilor \u0219i concuren\u021ba de pe pia\u021b\u0103 sunt provoc\u0103ri majore. Formele asociative, precum cooperativele, ofer\u0103 o solu\u021bie concret\u0103, deschiz\u00e2nd noi oportunit\u0103\u021bi pentru dezvoltare economic\u0103 \u0219i prosperitate local\u0103.<\/span><\/p>\n<p class=\"mb-6\"><span style=\"color: #000000;\"><strong class=\"text-gray-900\"><span style=\"color: #4bba1f;\">\u2713 <\/span>Dublarea cotei de pia\u021b\u0103:<\/strong> \u00centre 2020 \u0219i 2022, cifra de afaceri a cooperativelor\u00a0 agricole a ajuns s\u0103 reprezinte 4% din totalul agriculturii din Rom\u00e2nia.<\/span><\/p>\n<p class=\"mb-6\"><span style=\"color: #000000;\"><strong class=\"text-gray-900\"><span style=\"color: #4bba1f;\">\u2713 <\/span>Cre\u0219tere exponen\u021bial\u0103:<\/strong> Num\u0103rul membrilor asocia\u021bi \u00een cooperative a crescut cu 263% \u00eentre 2017 \u0219i 2023.<\/span><\/p>\n<p class=\"mb-6\"><span style=\"color: #000000;\"><strong class=\"text-gray-900\"><span style=\"color: #4bba1f;\">\u2713 <\/span>Profesionalizare:<\/strong>\u00a0Tot mai multe firme se al\u0103tur\u0103 cooperativelor, indic\u00e2nd o tendin\u021b\u0103 de consolidare \u0219i eficientizare a afacerilor agricole.<\/span><\/p>\n<p>[\/et_pb_text][\/et_pb_column][et_pb_column type=&#8221;1_2&#8243; _builder_version=&#8221;4.27.4&#8243; _module_preset=&#8221;default&#8221; global_colors_info=&#8221;{}&#8221;][et_pb_image src=&#8221;https:\/\/veradyn.ro\/global\/wp-content\/uploads\/2025\/09\/fermieri-uniti-e1601285355125-768&#215;433-1.webp&#8221; title_text=&#8221;fermieri-uniti-e1601285355125-768&#215;433&#8243; show_bottom_space=&#8221;off&#8221; show_bottom_space_tablet=&#8221;off&#8221; show_bottom_space_phone=&#8221;off&#8221; show_bottom_space_last_edited=&#8221;on|desktop&#8221; align_tablet=&#8221;&#8221; align_phone=&#8221;left&#8221; align_last_edited=&#8221;on|phone&#8221; _builder_version=&#8221;4.27.4&#8243; _module_preset=&#8221;default&#8221; width_tablet=&#8221;75%&#8221; width_phone=&#8221;96%&#8221; width_last_edited=&#8221;on|tablet&#8221; custom_margin=&#8221;37px||||false|false&#8221; custom_margin_tablet=&#8221;4px||||false|false&#8221; custom_margin_phone=&#8221;|||-12px|false|false&#8221; custom_margin_last_edited=&#8221;on|desktop&#8221; custom_padding_tablet=&#8221;&#8221; custom_padding_phone=&#8221;|17px||0px|false|false&#8221; custom_padding_last_edited=&#8221;on|phone&#8221; module_alignment_tablet=&#8221;center&#8221; module_alignment_phone=&#8221;&#8221; module_alignment_last_edited=&#8221;on|phone&#8221; border_radii=&#8221;on|9px|9px|9px|9px&#8221; global_colors_info=&#8221;{}&#8221;][\/et_pb_image][\/et_pb_column][\/et_pb_row][\/et_pb_section][et_pb_section fb_built=&#8221;1&#8243; custom_padding_last_edited=&#8221;on|phone&#8221; _builder_version=&#8221;4.27.4&#8243; _module_preset=&#8221;default&#8221; background_color=&#8221;#f9fafb&#8221; custom_margin_tablet=&#8221;&#8221; custom_margin_phone=&#8221;0px||||false|false&#8221; custom_margin_last_edited=&#8221;on|phone&#8221; custom_padding_tablet=&#8221;&#8221; custom_padding_phone=&#8221;17px||||false|false&#8221; global_colors_info=&#8221;{}&#8221;][et_pb_row _builder_version=&#8221;4.27.4&#8243; _module_preset=&#8221;default&#8221; custom_margin_tablet=&#8221;&#8221; custom_margin_phone=&#8221;||-33px||false|false&#8221; custom_margin_last_edited=&#8221;on|phone&#8221; global_colors_info=&#8221;{}&#8221;][et_pb_column type=&#8221;4_4&#8243; _builder_version=&#8221;4.27.4&#8243; _module_preset=&#8221;default&#8221; global_colors_info=&#8221;{}&#8221;][et_pb_text _builder_version=&#8221;4.27.4&#8243; _module_preset=&#8221;default&#8221; text_text_color=&#8221;#166534&#8243; global_colors_info=&#8221;{}&#8221;]<\/p>\n<h2 style=\"text-align: center;\"><span style=\"color: #166534;\"><strong>Ce aduce concret acest proiect pentru dumneavoastr\u0103?<\/strong><\/span><\/h2>\n<p>[\/et_pb_text][\/et_pb_column][\/et_pb_row][et_pb_row column_structure=&#8221;1_3,1_3,1_3&#8243; make_equal=&#8221;on&#8221; custom_padding_last_edited=&#8221;on|phone&#8221; _builder_version=&#8221;4.27.4&#8243; _module_preset=&#8221;default&#8221; width_tablet=&#8221;54%&#8221; width_phone=&#8221;75%&#8221; width_last_edited=&#8221;on|tablet&#8221; max_width_tablet=&#8221;&#8221; max_width_phone=&#8221;2242%&#8221; max_width_last_edited=&#8221;on|phone&#8221; custom_padding_tablet=&#8221;&#8221; custom_padding_phone=&#8221;|5px||5px|false|true&#8221; global_colors_info=&#8221;{}&#8221;][et_pb_column type=&#8221;1_3&#8243; _builder_version=&#8221;4.27.4&#8243; _module_preset=&#8221;default&#8221; background_color=&#8221;#FFFFFF&#8221; custom_padding=&#8221;10px||10px||true|false&#8221; custom_padding_tablet=&#8221;10px||10px|0px|true|false&#8221; custom_padding_phone=&#8221;10px||10px|0px|true|false&#8221; custom_padding_last_edited=&#8221;on|tablet&#8221; border_radii=&#8221;on|10px|10px|10px|10px&#8221; box_shadow_style=&#8221;preset1&#8243; global_colors_info=&#8221;{}&#8221;][et_pb_icon font_icon=&#8221;&#xe081;||divi||400&#8243; icon_color=&#8221;#16a34a&#8221; icon_width=&#8221;70px&#8221; _builder_version=&#8221;4.27.4&#8243; _module_preset=&#8221;default&#8221; background_color=&#8221;#dcfce7&#8243; transform_scale=&#8221;104%|104%&#8221; transform_scale_tablet=&#8221;104%|104%&#8221; transform_scale_phone=&#8221;104%|104%&#8221; transform_scale_last_edited=&#8221;on|desktop&#8221; transform_translate=&#8221;4px|4px&#8221; transform_translate_tablet=&#8221;4px|4px&#8221; transform_translate_phone=&#8221;4px|4px&#8221; transform_translate_last_edited=&#8221;on|desktop&#8221; transform_rotate_tablet=&#8221;&#8221; transform_rotate_phone=&#8221;&#8221; transform_rotate_last_edited=&#8221;on|desktop&#8221; transform_skew_tablet=&#8221;&#8221; transform_skew_phone=&#8221;&#8221; transform_skew_last_edited=&#8221;on|desktop&#8221; transform_origin_tablet=&#8221;&#8221; transform_origin_phone=&#8221;&#8221; transform_origin_last_edited=&#8221;on|desktop&#8221; transform_styles_last_edited=&#8221;on|desktop&#8221; custom_margin=&#8221;0px||||false|false&#8221; custom_margin_tablet=&#8221;0px||||false|false&#8221; custom_margin_phone=&#8221;0px||||false|false&#8221; custom_margin_last_edited=&#8221;on|desktop&#8221; custom_padding=&#8221;0px||0px||false|false&#8221; transform_styles_tablet=&#8221;&#8221; transform_styles_phone=&#8221;&#8221; custom_css_free_form=&#8221;.et_pb_icon_0 .et_pb_icon_wrap .et-pb-icon {||    font-size: 50px!important;||    padding: 20px!important;||}||&#8221; border_radii=&#8221;on|50px|50px|50px|50px&#8221; global_colors_info=&#8221;{}&#8221;][\/et_pb_icon][et_pb_text _builder_version=&#8221;4.27.4&#8243; _module_preset=&#8221;default&#8221; global_colors_info=&#8221;{}&#8221;]<\/p>\n<h3 class=\"text-xl font-bold mb-2\" style=\"text-align: center;\"><strong>Caravana de Informare<\/strong><\/h3>\n<p class=\"text-gray-600 mb-4\" style=\"text-align: center;\">Exper\u021bii no\u0219tri vor ajunge \u00een 8 comune pentru a oferi informa\u021bii despre subven\u021bii, finan\u021b\u0103ri \u0219i bune practici.<\/p>\n<p class=\"text-sm text-gray-500\" style=\"text-align: center;\"><strong>Comune vizate:<\/strong><span>\u00a0<\/span>Bara, Belin\u021b, Boldur, Co\u0219teiu, Ghizela, Ohaba Lung\u0103, Racovi\u021ba, Topolov\u0103\u021bu Mare.<\/p>\n<p>[\/et_pb_text][\/et_pb_column][et_pb_column type=&#8221;1_3&#8243; _builder_version=&#8221;4.27.4&#8243; _module_preset=&#8221;default&#8221; background_color=&#8221;#FFFFFF&#8221; custom_padding=&#8221;10px||10px||true|false&#8221; border_radii=&#8221;on|10px|10px|10px|10px&#8221; box_shadow_style=&#8221;preset1&#8243; global_colors_info=&#8221;{}&#8221;][et_pb_icon font_icon=&#8221;&#xf518;||fa||900&#8243; icon_color=&#8221;#16a34a&#8221; _builder_version=&#8221;4.27.4&#8243; _module_preset=&#8221;default&#8221; background_color=&#8221;#dcfce7&#8243; custom_css_free_form=&#8221;.et_pb_icon_1 .et_pb_icon_wrap .et-pb-icon {||    font-size: 50px!important;||    padding: 20px!important;||}|| &#8221; border_radii=&#8221;on|50px|50px|50px|50px&#8221; global_colors_info=&#8221;{}&#8221;][\/et_pb_icon][et_pb_text _builder_version=&#8221;4.27.4&#8243; _module_preset=&#8221;default&#8221; global_colors_info=&#8221;{}&#8221;]<\/p>\n<h3 class=\"text-xl font-bold mb-2\" style=\"text-align: center;\"><strong>Formare Profesional\u0103<\/strong><\/h3>\n<p class=\"text-gray-600\" style=\"text-align: center;\">Un curs specializat pentru 20 de participan\u021bi, axat pe beneficiile practice ale asociativit\u0103\u021bii \u00een agricultur\u0103 \u0219i silvicultur\u0103.<\/p>\n<p class=\"text-gray-600\" style=\"text-align: center;\">\n<p>[\/et_pb_text][\/et_pb_column][et_pb_column type=&#8221;1_3&#8243; _builder_version=&#8221;4.27.4&#8243; _module_preset=&#8221;default&#8221; background_color=&#8221;#FFFFFF&#8221; custom_padding=&#8221;10px||10px||true|false&#8221; border_radii=&#8221;on|10px|10px|10px|10px&#8221; box_shadow_style=&#8221;preset1&#8243; global_colors_info=&#8221;{}&#8221;][et_pb_icon font_icon=&#8221;&#xf0c0;||fa||900&#8243; icon_color=&#8221;#16a34a&#8221; _builder_version=&#8221;4.27.4&#8243; _module_preset=&#8221;default&#8221; background_color=&#8221;#dcfce7&#8243; custom_css_free_form=&#8221;.et_pb_icon_2 .et_pb_icon_wrap .et-pb-icon {||    font-size: 50px!important;||    padding: 20px!important;||}|| &#8221; border_radii=&#8221;on|100px|100px|100px|100px&#8221; global_colors_info=&#8221;{}&#8221;][\/et_pb_icon][et_pb_text _builder_version=&#8221;4.27.4&#8243; _module_preset=&#8221;default&#8221; global_colors_info=&#8221;{}&#8221;]<\/p>\n<h3 class=\"text-xl font-bold mb-2\" style=\"text-align: center;\"><strong>Schimb de Experien\u021b\u0103<\/strong><\/h3>\n<p class=\"text-gray-600\" style=\"text-align: center;\">O vizit\u0103 de lucru la o cooperativ\u0103 de succes din Bustuchin (jud. Gorj) pentru a vedea un model de bun\u0103 practic\u0103 \u00een ac\u021biune.<\/p>\n<p>[\/et_pb_text][\/et_pb_column][\/et_pb_row][\/et_pb_section][et_pb_section fb_built=&#8221;1&#8243; _builder_version=&#8221;4.27.4&#8243; _module_preset=&#8221;default&#8221; background_color=&#8221;#f9fafb&#8221; global_colors_info=&#8221;{}&#8221;][et_pb_row _builder_version=&#8221;4.27.4&#8243; _module_preset=&#8221;default&#8221; background_color=&#8221;#15803d&#8221; border_radii=&#8221;on|10px|10px|10px|10px&#8221; global_colors_info=&#8221;{}&#8221;][et_pb_column type=&#8221;4_4&#8243; _builder_version=&#8221;4.27.4&#8243; _module_preset=&#8221;default&#8221; custom_padding=&#8221;|123px||123px|false|true&#8221; global_colors_info=&#8221;{}&#8221;][et_pb_text _builder_version=&#8221;4.27.4&#8243; _module_preset=&#8221;default&#8221; text_font_size=&#8221;17px&#8221; custom_margin_tablet=&#8221;&#8221; custom_margin_phone=&#8221;0px|-90px||-90px|false|true&#8221; custom_margin_last_edited=&#8221;on|phone&#8221; global_colors_info=&#8221;{}&#8221;]<\/p>\n<h2 class=\"text-3xl font-bold mb-4\" style=\"text-align: center;\"><span style=\"color: #ffffff;\"><strong>Cui se adreseaz\u0103 acest proiect?<\/strong><\/span><\/h2>\n<p><span style=\"color: #ffffff;\"><strong><\/strong><\/span><\/p>\n<p class=\"max-w-3xl mx-auto text-lg mb-6\" style=\"text-align: center;\"><span style=\"color: #ffffff;\">Grupul \u021bint\u0103 include **fermieri, lucr\u0103tori \u00een agricultur\u0103 \u0219i\/sau \u00een domeniul forestier** \u0219i orice alt\u0103 persoan\u0103 interesat\u0103 de dezvoltare din teritoriul GAL Banatul de Nord. Viz\u0103m un num\u0103r de **200 de participan\u021bi** la activit\u0103\u021bi.<\/span><\/p>\n<p class=\"text-xl font-semibold mb-8\" style=\"text-align: center;\"><strong><span style=\"color: #ffffff;\">Acesta este o \u0219ans\u0103 excelent\u0103 de a \u00eenv\u0103\u021ba, de a crea leg\u0103turi \u0219i de a contribui activ la prosperitatea regiunii noastre.<\/span><\/strong><\/p>\n<p class=\"text-xl font-semibold mb-8\" style=\"text-align: center;\"><strong><span style=\"color: #ffffff;\"><\/span><\/strong><\/p>\n<p>[\/et_pb_text][et_pb_text _builder_version=&#8221;4.27.4&#8243; _module_preset=&#8221;default&#8221; text_text_color=&#8221;#15803d&#8221; background_color=&#8221;#FFFFFF&#8221; text_orientation=&#8221;center&#8221; custom_margin=&#8221;10px|258px|10px|258px|true|true&#8221; custom_margin_tablet=&#8221;|20px||20px|true|true&#8221; custom_margin_phone=&#8221;10px|-49px|10px|-49px|true|true&#8221; custom_margin_last_edited=&#8221;on|phone&#8221; custom_padding=&#8221;7px|0px|7px|0px|true|true&#8221; border_radii=&#8221;on|33px|33px|33px|33px&#8221; global_colors_info=&#8221;{}&#8221;]<\/p>\n<p><strong>R\u0103m\u00e2ne\u021bi aproape pentru detalii!<\/strong><\/p>\n<p>[\/et_pb_text][\/et_pb_column][\/et_pb_row][\/et_pb_section][et_pb_section fb_built=&#8221;1&#8243; _builder_version=&#8221;4.27.4&#8243; _module_preset=&#8221;default&#8221; global_colors_info=&#8221;{}&#8221;][et_pb_row _builder_version=&#8221;4.16&#8243; _module_preset=&#8221;default&#8221; background_color=&#8221;#21401c&#8221; max_width=&#8221;760px&#8221; custom_margin=&#8221;50px||||false|false&#8221; custom_padding=&#8221;64px|30px|64px|30px|true|true&#8221; border_radii=&#8221;off|20px|20px||&#8221; locked=&#8221;off&#8221; global_colors_info=&#8221;{%22gcid-72e93b99-cf31-4689-b32a-779e96fe8e33%22:%91%93}&#8221;][et_pb_column type=&#8221;4_4&#8243; _builder_version=&#8221;4.16&#8243; _module_preset=&#8221;default&#8221; global_colors_info=&#8221;{}&#8221;][et_pb_text _builder_version=&#8221;4.16&#8243; _module_preset=&#8221;90865f4d-2cce-42a7-b40e-d3fbad25605a&#8221; header_2_font=&#8221;Asap|700|||||||&#8221; header_2_text_color=&#8221;#FFEDD3&#8243; header_2_font_size=&#8221;56px&#8221; header_2_line_height=&#8221;1.2em&#8221; text_orientation=&#8221;center&#8221; custom_margin=&#8221;||10px||false|false&#8221; header_2_font_size_tablet=&#8221;32px&#8221; header_2_font_size_phone=&#8221;20px&#8221; header_2_font_size_last_edited=&#8221;on|phone&#8221; global_colors_info=&#8221;{}&#8221;]<\/p>\n<h2>Newsletter<\/h2>\n<p>[\/et_pb_text][et_pb_text _builder_version=&#8221;4.27.4&#8243; _module_preset=&#8221;default&#8221; text_text_color=&#8221;#FFFFFF&#8221; width=&#8221;56%&#8221; module_alignment=&#8221;center&#8221; global_colors_info=&#8221;{}&#8221;]<\/p>\n<p><strong>Abona\u021bi-v\u0103 la newsletter pentru a primi cele mai noi informa\u021bii despre formarea profesional\u0103 \u00een domeniul agricol.<\/strong><\/p>\n<p>[\/et_pb_text][et_pb_signup mailchimp_list=&#8221;elegantthemestest|1ea2bbd026&#8243; layout=&#8221;top_bottom&#8221; name_field=&#8221;on&#8221; _builder_version=&#8221;4.27.4&#8243; _module_preset=&#8221;a4bf9472-b583-4bf0-a550-ab81dbf96c0f&#8221; header_font=&#8221;Asap|700|||||||&#8221; header_text_color=&#8221;#FFEDD3&#8243; header_font_size=&#8221;32px&#8221; form_field_font=&#8221;Asap||||||||&#8221; use_background_color=&#8221;off&#8221; custom_button=&#8221;on&#8221; button_text_size=&#8221;14px&#8221; button_text_color=&#8221;#d5a667&#8243; button_bg_color=&#8221;RGBA(0,0,0,0)&#8221; button_border_width=&#8221;4px&#8221; button_border_color=&#8221;#D5A667&#8243; button_border_radius=&#8221;0px&#8221; button_letter_spacing=&#8221;2px&#8221; button_font=&#8221;Asap|700||on|||||&#8221; button_icon=&#8221;&#x24;||divi||400&#8243; button_custom_padding=&#8221;15px|30px|15px|30px|true|true&#8221; text_orientation=&#8221;center&#8221; max_width=&#8221;400px&#8221; module_alignment=&#8221;center&#8221; hover_enabled=&#8221;0&#8243; header_font_size_tablet=&#8221;24px&#8221; header_font_size_phone=&#8221;18px&#8221; header_font_size_last_edited=&#8221;on|phone&#8221; border_radii_fields=&#8221;on|0px|0px|0px|0px&#8221; global_colors_info=&#8221;{}&#8221; sticky_enabled=&#8221;0&#8243;][\/et_pb_signup][\/et_pb_column][\/et_pb_row][\/et_pb_section]<\/p>\n","protected":false},"excerpt":{"rendered":"<p>Oportunitate Strategic\u0103 pentru Dezvoltarea Rural\u0103 \u00een Banatul de Nord!Un proiect dedicat fermierilor \u0219i comunit\u0103\u021bilor locale pentru a \u00eencuraja inova\u021bia, asociativitatea \u0219i transferul de cuno\u0219tin\u021be. Proiectul \u201eFormare \u015fi informare continu\u0103 \u00een teritoriul Banatul de Nord\u201dDerulat de **SC Global Commercium Development SRL** \u00een parteneriat cu **GAL Banatul de Nord**, acest proiect \u00ee\u0219i propune s\u0103 aduc\u0103 un suflu [&hellip;]<\/p>\n","protected":false},"author":1,"featured_media":0,"parent":0,"menu_order":0,"comment_status":"closed","ping_status":"closed","template":"","meta":{"_et_pb_use_builder":"on","_et_pb_old_content":"<!-- wp:paragraph -->\n<p>This is an example page. It's different from a blog post because it will stay in one place and will show up in your site navigation (in most themes). Most people start with an About page that introduces them to potential site visitors. It might say something like this:<\/p>\n<!-- \/wp:paragraph -->\n\n<!-- wp:quote -->\n<blockquote class=\"wp-block-quote\"><p>Hi there! I'm a bike messenger by day, aspiring actor by night, and this is my website. I live in Los Angeles, have a great dog named Jack, and I like pi&#241;a coladas. (And gettin' caught in the rain.)<\/p><\/blockquote>\n<!-- \/wp:quote -->\n\n<!-- wp:paragraph -->\n<p>...or something like this:<\/p>\n<!-- \/wp:paragraph -->\n\n<!-- wp:quote -->\n<blockquote class=\"wp-block-quote\"><p>The XYZ Doohickey Company was founded in 1971, and has been providing quality doohickeys to the public ever since. Located in Gotham City, XYZ employs over 2,000 people and does all kinds of awesome things for the Gotham community.<\/p><\/blockquote>\n<!-- \/wp:quote -->\n\n<!-- wp:paragraph -->\n<p>As a new WordPress user, you should go to <a href=\"https:\/\/veradyn.ro\/global\/wp-admin\/\">your dashboard<\/a> to delete this page and create new pages for your content. Have fun!<\/p>\n<!-- \/wp:paragraph -->","_et_gb_content_width":"","iawp_total_views":50,"footnotes":""},"class_list":["post-2","page","type-page","status-publish","hentry"],"_links":{"self":[{"href":"https:\/\/veradyn.ro\/global\/index.php\/wp-json\/wp\/v2\/pages\/2","targetHints":{"allow":["GET"]}}],"collection":[{"href":"https:\/\/veradyn.ro\/global\/index.php\/wp-json\/wp\/v2\/pages"}],"about":[{"href":"https:\/\/veradyn.ro\/global\/index.php\/wp-json\/wp\/v2\/types\/page"}],"author":[{"embeddable":true,"href":"https:\/\/veradyn.ro\/global\/index.php\/wp-json\/wp\/v2\/users\/1"}],"replies":[{"embeddable":true,"href":"https:\/\/veradyn.ro\/global\/index.php\/wp-json\/wp\/v2\/comments?post=2"}],"version-history":[{"count":14,"href":"https:\/\/veradyn.ro\/global\/index.php\/wp-json\/wp\/v2\/pages\/2\/revisions"}],"predecessor-version":[{"id":54,"href":"https:\/\/veradyn.ro\/global\/index.php\/wp-json\/wp\/v2\/pages\/2\/revisions\/54"}],"wp:attachment":[{"href":"https:\/\/veradyn.ro\/global\/index.php\/wp-json\/wp\/v2\/media?parent=2"}],"curies":[{"name":"wp","href":"https:\/\/api.w.org\/{rel}","templated":true}]}}